{"id":1091,"date":"2026-08-10T11:20:10","date_gmt":"2026-08-10T14:20:10","guid":{"rendered":"https:\/\/claudiostarec.com.br\/?page_id=1091"},"modified":"2026-08-10T12:40:38","modified_gmt":"2026-08-10T15:40:38","slug":"blog","status":"publish","type":"page","link":"https:\/\/claudiostarec.com.br\/index.php\/blog\/","title":{"rendered":"Blog"},"content":{"rendered":"\t\t<div data-elementor-type=\"wp-page\" data-elementor-id=\"1091\" class=\"elementor elementor-1091\" data-elementor-post-type=\"page\">\n\t\t\t\t<div class=\"elementor-element elementor-element-504d3604 e-flex e-con-boxed e-con e-parent\" data-id=\"504d3604\" data-element_type=\"container\" data-e-type=\"container\" data-settings=\"{&quot;background_background&quot;:&quot;gradient&quot;}\">\n\t\t\t\t\t<div class=\"e-con-inner\">\n\t\t\t\t<div class=\"elementor-element elementor-element-3bc50d0 elementor-widget elementor-widget-heading\" data-id=\"3bc50d0\" data-element_type=\"widget\" data-e-type=\"widget\" data-widget_type=\"heading.default\">\n\t\t\t\t\t<div class=\"elementor-heading-title elementor-size-default\">INTELIG\u00caNCIA PARA QUEM DECIDE<\/div>\t\t\t\t<\/div>\n\t\t\t\t<div class=\"elementor-element elementor-element-29926d3b elementor-widget__width-initial elementor-widget elementor-widget-heading\" data-id=\"29926d3b\" data-element_type=\"widget\" data-e-type=\"widget\" data-widget_type=\"heading.default\">\n\t\t\t\t\t<h1 class=\"elementor-heading-title elementor-size-default\">STAREC 360\u00ba<\/h1>\t\t\t\t<\/div>\n\t\t\t\t<div class=\"elementor-element elementor-element-4cd361c8 elementor-widget__width-initial elementor-widget elementor-widget-text-editor\" data-id=\"4cd361c8\" data-element_type=\"widget\" data-e-type=\"widget\" data-widget_type=\"text-editor.default\">\n\t\t\t\t\t\t\t\t\t<p>Ideias que provocam. Reflex\u00f5es que desafiam. Decis\u00f5es que transformam.<\/p>\t\t\t\t\t\t\t\t<\/div>\n\t\t\t\t\t<\/div>\n\t\t\t\t<\/div>\n\t\t<div class=\"elementor-element elementor-element-26ed42a3 e-flex e-con-boxed e-con e-parent\" data-id=\"26ed42a3\" data-element_type=\"container\" data-e-type=\"container\">\n\t\t\t\t\t<div class=\"e-con-inner\">\n\t\t<div class=\"elementor-element elementor-element-73003eef e-flex e-con-boxed e-con e-child\" data-id=\"73003eef\" data-element_type=\"container\" data-e-type=\"container\">\n\t\t\t\t\t<div class=\"e-con-inner\">\n\t\t\t\t<div class=\"elementor-element elementor-element-5bb2b0e7 elementor-widget elementor-widget-heading\" data-id=\"5bb2b0e7\" data-element_type=\"widget\" data-e-type=\"widget\" data-widget_type=\"heading.default\">\n\t\t\t\t\t<h2 class=\"elementor-heading-title elementor-size-default\">\u00daltimos artigos<\/h2>\t\t\t\t<\/div>\n\t\t\t\t<div class=\"elementor-element elementor-element-2851d68a elementor-widget elementor-widget-heading\" data-id=\"2851d68a\" data-element_type=\"widget\" data-e-type=\"widget\" data-widget_type=\"heading.default\">\n\t\t\t\t\t<h6 class=\"elementor-heading-title elementor-size-default\">LIDERAN\u00c7A \u00b7 ESTRAT\u00c9GIA \u00b7 CULTURA \u00b7 PERFORMANCE<\/h6>\t\t\t\t<\/div>\n\t\t\t\t\t<\/div>\n\t\t\t\t<\/div>\n\t\t\t\t<div class=\"elementor-element elementor-element-680892f2 starec-editorial-grid elementor-grid-3 elementor-grid-tablet-2 elementor-grid-mobile-1 elementor-posts--thumbnail-top elementor-card-shadow-yes elementor-posts__hover-gradient elementor-widget elementor-widget-posts\" data-id=\"680892f2\" data-element_type=\"widget\" data-e-type=\"widget\" data-settings=\"{&quot;pagination_type&quot;:&quot;numbers_and_prev_next&quot;,&quot;cards_columns&quot;:&quot;3&quot;,&quot;cards_columns_tablet&quot;:&quot;2&quot;,&quot;cards_columns_mobile&quot;:&quot;1&quot;,&quot;cards_row_gap&quot;:{&quot;unit&quot;:&quot;px&quot;,&quot;size&quot;:35,&quot;sizes&quot;:[]},&quot;cards_row_gap_tablet&quot;:{&quot;unit&quot;:&quot;px&quot;,&quot;size&quot;:&quot;&quot;,&quot;sizes&quot;:[]},&quot;cards_row_gap_mobile&quot;:{&quot;unit&quot;:&quot;px&quot;,&quot;size&quot;:&quot;&quot;,&quot;sizes&quot;:[]}}\" data-widget_type=\"posts.cards\">\n\t\t\t\t<div class=\"elementor-widget-container\">\n\t\t\t\t\t\t\t<div class=\"elementor-posts-container elementor-posts elementor-posts--skin-cards elementor-grid\" role=\"list\">\n\t\t\t\t<article class=\"elementor-post elementor-grid-item post-1185 post type-post status-publish format-standard has-post-thumbnail hentry category-blog\" role=\"listitem\">\n\t\t\t<div class=\"elementor-post__card\">\n\t\t\t\t<a class=\"elementor-post__thumbnail__link\" href=\"https:\/\/claudiostarec.com.br\/index.php\/2026\/08\/31\/ele-apontou-para-a-minha-cadeira-e-disse-quero-sentar-ai\/\" tabindex=\"-1\" ><div class=\"elementor-post__thumbnail\"><img decoding=\"async\" width=\"300\" height=\"165\" src=\"https:\/\/claudiostarec.com.br\/wp-content\/uploads\/2026\/08\/conflito-de-geracao-claudio-starec-300x165.webp\" class=\"attachment-medium size-medium wp-image-1186\" alt=\"\" srcset=\"https:\/\/claudiostarec.com.br\/wp-content\/uploads\/2026\/08\/conflito-de-geracao-claudio-starec-300x165.webp 300w, https:\/\/claudiostarec.com.br\/wp-content\/uploads\/2026\/08\/conflito-de-geracao-claudio-starec-768x422.webp 768w, https:\/\/claudiostarec.com.br\/wp-content\/uploads\/2026\/08\/conflito-de-geracao-claudio-starec-1024x563.webp 1024w, https:\/\/claudiostarec.com.br\/wp-content\/uploads\/2026\/08\/conflito-de-geracao-claudio-starec.webp 1488w\" sizes=\"(max-width: 300px) 100vw, 300px\" \/><\/div><\/a>\n\t\t\t\t<div class=\"elementor-post__text\">\n\t\t\t\t<h1 class=\"elementor-post__title\">\n\t\t\t<a href=\"https:\/\/claudiostarec.com.br\/index.php\/2026\/08\/31\/ele-apontou-para-a-minha-cadeira-e-disse-quero-sentar-ai\/\" >\n\t\t\t\tEle apontou para a minha cadeira e disse: \u201cQuero sentar a\u00ed!\u201d\t\t\t<\/a>\n\t\t<\/h1>\n\t\t\t\t<div class=\"elementor-post__excerpt\">\n\t\t\t<p>Gera\u00e7\u00f5es, prop\u00f3sito e IA: o desafio da media\u00e7\u00e3o na Equipe Multigeracional de Intelig\u00eancia H\u00edbrida Coordenei, pela Comunicare, um programa de<\/p>\n\t\t<\/div>\n\t\t\n\t\t<a class=\"elementor-post__read-more\" href=\"https:\/\/claudiostarec.com.br\/index.php\/2026\/08\/31\/ele-apontou-para-a-minha-cadeira-e-disse-quero-sentar-ai\/\" aria-label=\"Leia mais sobre Ele apontou para a minha cadeira e disse: \u201cQuero sentar a\u00ed!\u201d\" tabindex=\"-1\" >\n\t\t\tLeia mais \u00bb\t\t<\/a>\n\n\t\t\t\t<\/div>\n\t\t\t\t<div class=\"elementor-post__meta-data\">\n\t\t\t\t\t<span class=\"elementor-post-date\">\n\t\t\t31 de agosto de 2026\t\t<\/span>\n\t\t\t\t<\/div>\n\t\t\t\t\t<\/div>\n\t\t<\/article>\n\t\t\t\t<article class=\"elementor-post elementor-grid-item post-1181 post type-post status-publish format-standard has-post-thumbnail hentry category-blog\" role=\"listitem\">\n\t\t\t<div class=\"elementor-post__card\">\n\t\t\t\t<a class=\"elementor-post__thumbnail__link\" href=\"https:\/\/claudiostarec.com.br\/index.php\/2026\/08\/18\/quem-nao-se-comunica-se-trumbica-inclusive-as-maquinas\/\" tabindex=\"-1\" ><div class=\"elementor-post__thumbnail\"><img fetchpriority=\"high\" decoding=\"async\" width=\"300\" height=\"169\" src=\"https:\/\/claudiostarec.com.br\/wp-content\/uploads\/2026\/08\/ruido-na-comunicacao-claudio-starec-300x169.webp\" class=\"attachment-medium size-medium wp-image-1182\" alt=\"\" srcset=\"https:\/\/claudiostarec.com.br\/wp-content\/uploads\/2026\/08\/ruido-na-comunicacao-claudio-starec-300x169.webp 300w, https:\/\/claudiostarec.com.br\/wp-content\/uploads\/2026\/08\/ruido-na-comunicacao-claudio-starec-768x432.webp 768w, https:\/\/claudiostarec.com.br\/wp-content\/uploads\/2026\/08\/ruido-na-comunicacao-claudio-starec.webp 961w\" sizes=\"(max-width: 300px) 100vw, 300px\" \/><\/div><\/a>\n\t\t\t\t<div class=\"elementor-post__text\">\n\t\t\t\t<h1 class=\"elementor-post__title\">\n\t\t\t<a href=\"https:\/\/claudiostarec.com.br\/index.php\/2026\/08\/18\/quem-nao-se-comunica-se-trumbica-inclusive-as-maquinas\/\" >\n\t\t\t\tQuem n\u00e3o se comunica se trumbica. Inclusive as m\u00e1quinas.\t\t\t<\/a>\n\t\t<\/h1>\n\t\t\t\t<div class=\"elementor-post__excerpt\">\n\t\t\t<p>O que um agente de IA que demitiu um funcion\u00e1rio tem a ensinar sobre comunica\u00e7\u00e3o, gera\u00e7\u00f5es e o futuro das<\/p>\n\t\t<\/div>\n\t\t\n\t\t<a class=\"elementor-post__read-more\" href=\"https:\/\/claudiostarec.com.br\/index.php\/2026\/08\/18\/quem-nao-se-comunica-se-trumbica-inclusive-as-maquinas\/\" aria-label=\"Leia mais sobre Quem n\u00e3o se comunica se trumbica. Inclusive as m\u00e1quinas.\" tabindex=\"-1\" >\n\t\t\tLeia mais \u00bb\t\t<\/a>\n\n\t\t\t\t<\/div>\n\t\t\t\t<div class=\"elementor-post__meta-data\">\n\t\t\t\t\t<span class=\"elementor-post-date\">\n\t\t\t18 de agosto de 2026\t\t<\/span>\n\t\t\t\t<\/div>\n\t\t\t\t\t<\/div>\n\t\t<\/article>\n\t\t\t\t<article class=\"elementor-post elementor-grid-item post-1177 post type-post status-publish format-standard has-post-thumbnail hentry category-blog\" role=\"listitem\">\n\t\t\t<div class=\"elementor-post__card\">\n\t\t\t\t<a class=\"elementor-post__thumbnail__link\" href=\"https:\/\/claudiostarec.com.br\/index.php\/2026\/08\/12\/e-hora-de-reaprender-a-falar\/\" tabindex=\"-1\" ><div class=\"elementor-post__thumbnail\"><img decoding=\"async\" width=\"300\" height=\"200\" src=\"https:\/\/claudiostarec.com.br\/wp-content\/uploads\/2026\/08\/artigo-claudio-starec-300x200.webp\" class=\"attachment-medium size-medium wp-image-1178\" alt=\"\" srcset=\"https:\/\/claudiostarec.com.br\/wp-content\/uploads\/2026\/08\/artigo-claudio-starec-300x200.webp 300w, https:\/\/claudiostarec.com.br\/wp-content\/uploads\/2026\/08\/artigo-claudio-starec-768x512.webp 768w, https:\/\/claudiostarec.com.br\/wp-content\/uploads\/2026\/08\/artigo-claudio-starec-1024x683.webp 1024w, https:\/\/claudiostarec.com.br\/wp-content\/uploads\/2026\/08\/artigo-claudio-starec.webp 1488w\" sizes=\"(max-width: 300px) 100vw, 300px\" \/><\/div><\/a>\n\t\t\t\t<div class=\"elementor-post__text\">\n\t\t\t\t<h1 class=\"elementor-post__title\">\n\t\t\t<a href=\"https:\/\/claudiostarec.com.br\/index.php\/2026\/08\/12\/e-hora-de-reaprender-a-falar\/\" >\n\t\t\t\t\u00c9 hora de reaprender a falar\t\t\t<\/a>\n\t\t<\/h1>\n\t\t\t\t<div class=\"elementor-post__excerpt\">\n\t\t\t<p>Aos 17 anos, na faculdade de jornalismo, me ensinaram o que era comunicar. Havia um emissor, uma mensagem, um canal<\/p>\n\t\t<\/div>\n\t\t\n\t\t<a class=\"elementor-post__read-more\" href=\"https:\/\/claudiostarec.com.br\/index.php\/2026\/08\/12\/e-hora-de-reaprender-a-falar\/\" aria-label=\"Leia mais sobre \u00c9 hora de reaprender a falar\" tabindex=\"-1\" >\n\t\t\tLeia mais \u00bb\t\t<\/a>\n\n\t\t\t\t<\/div>\n\t\t\t\t<div class=\"elementor-post__meta-data\">\n\t\t\t\t\t<span class=\"elementor-post-date\">\n\t\t\t12 de agosto de 2026\t\t<\/span>\n\t\t\t\t<\/div>\n\t\t\t\t\t<\/div>\n\t\t<\/article>\n\t\t\t\t<article class=\"elementor-post elementor-grid-item post-1023 post type-post status-publish format-standard has-post-thumbnail hentry category-blog\" role=\"listitem\">\n\t\t\t<div class=\"elementor-post__card\">\n\t\t\t\t<a class=\"elementor-post__thumbnail__link\" href=\"https:\/\/claudiostarec.com.br\/index.php\/2026\/08\/10\/a-festa-ainda-nem-tinha-acontecido-mas-eu-ja-estava-la\/\" tabindex=\"-1\" ><div class=\"elementor-post__thumbnail\"><img loading=\"lazy\" decoding=\"async\" width=\"300\" height=\"200\" src=\"https:\/\/claudiostarec.com.br\/wp-content\/uploads\/2026\/08\/percepcao-seletiva-claudio-starec-300x200.webp\" class=\"attachment-medium size-medium wp-image-1026\" alt=\"\" srcset=\"https:\/\/claudiostarec.com.br\/wp-content\/uploads\/2026\/08\/percepcao-seletiva-claudio-starec-300x200.webp 300w, https:\/\/claudiostarec.com.br\/wp-content\/uploads\/2026\/08\/percepcao-seletiva-claudio-starec-1024x683.webp 1024w, https:\/\/claudiostarec.com.br\/wp-content\/uploads\/2026\/08\/percepcao-seletiva-claudio-starec-768x512.webp 768w, https:\/\/claudiostarec.com.br\/wp-content\/uploads\/2026\/08\/percepcao-seletiva-claudio-starec.webp 1488w\" sizes=\"(max-width: 300px) 100vw, 300px\" \/><\/div><\/a>\n\t\t\t\t<div class=\"elementor-post__text\">\n\t\t\t\t<h1 class=\"elementor-post__title\">\n\t\t\t<a href=\"https:\/\/claudiostarec.com.br\/index.php\/2026\/08\/10\/a-festa-ainda-nem-tinha-acontecido-mas-eu-ja-estava-la\/\" >\n\t\t\t\tA festa ainda nem tinha acontecido. Mas eu j\u00e1 estava l\u00e1.\t\t\t<\/a>\n\t\t<\/h1>\n\t\t\t\t<div class=\"elementor-post__excerpt\">\n\t\t\t<p>Naquela semana eu estava com a agenda complicad\u00edssima, compromisso em cima de compromisso. No meio da correria, veio o convite<\/p>\n\t\t<\/div>\n\t\t\n\t\t<a class=\"elementor-post__read-more\" href=\"https:\/\/claudiostarec.com.br\/index.php\/2026\/08\/10\/a-festa-ainda-nem-tinha-acontecido-mas-eu-ja-estava-la\/\" aria-label=\"Leia mais sobre A festa ainda nem tinha acontecido. Mas eu j\u00e1 estava l\u00e1.\" tabindex=\"-1\" >\n\t\t\tLeia mais \u00bb\t\t<\/a>\n\n\t\t\t\t<\/div>\n\t\t\t\t<div class=\"elementor-post__meta-data\">\n\t\t\t\t\t<span class=\"elementor-post-date\">\n\t\t\t10 de agosto de 2026\t\t<\/span>\n\t\t\t\t<\/div>\n\t\t\t\t\t<\/div>\n\t\t<\/article>\n\t\t\t\t<article class=\"elementor-post elementor-grid-item post-1029 post type-post status-publish format-standard has-post-thumbnail hentry category-blog\" role=\"listitem\">\n\t\t\t<div class=\"elementor-post__card\">\n\t\t\t\t<a class=\"elementor-post__thumbnail__link\" href=\"https:\/\/claudiostarec.com.br\/index.php\/2026\/08\/07\/voce-nao-esta-sem-tempo-esta-afogado-em-um-mar-de-informacao\/\" tabindex=\"-1\" ><div class=\"elementor-post__thumbnail\"><img loading=\"lazy\" decoding=\"async\" width=\"300\" height=\"200\" src=\"https:\/\/claudiostarec.com.br\/wp-content\/uploads\/2026\/08\/o-gotejamento-informacional-300x200.webp\" class=\"attachment-medium size-medium wp-image-1030\" alt=\"\" srcset=\"https:\/\/claudiostarec.com.br\/wp-content\/uploads\/2026\/08\/o-gotejamento-informacional-300x200.webp 300w, https:\/\/claudiostarec.com.br\/wp-content\/uploads\/2026\/08\/o-gotejamento-informacional-1024x683.webp 1024w, https:\/\/claudiostarec.com.br\/wp-content\/uploads\/2026\/08\/o-gotejamento-informacional-768x512.webp 768w, https:\/\/claudiostarec.com.br\/wp-content\/uploads\/2026\/08\/o-gotejamento-informacional.webp 1488w\" sizes=\"(max-width: 300px) 100vw, 300px\" \/><\/div><\/a>\n\t\t\t\t<div class=\"elementor-post__text\">\n\t\t\t\t<h1 class=\"elementor-post__title\">\n\t\t\t<a href=\"https:\/\/claudiostarec.com.br\/index.php\/2026\/08\/07\/voce-nao-esta-sem-tempo-esta-afogado-em-um-mar-de-informacao\/\" >\n\t\t\t\tVoc\u00ea n\u00e3o est\u00e1 sem tempo. Est\u00e1 afogado em um mar de informa\u00e7\u00e3o.\t\t\t<\/a>\n\t\t<\/h1>\n\t\t\t\t<div class=\"elementor-post__excerpt\">\n\t\t\t<p>Como o excesso de informa\u00e7\u00e3o est\u00e1 roubando aquilo que realmente produz resultados. Todos os dias eu sento para fazer o<\/p>\n\t\t<\/div>\n\t\t\n\t\t<a class=\"elementor-post__read-more\" href=\"https:\/\/claudiostarec.com.br\/index.php\/2026\/08\/07\/voce-nao-esta-sem-tempo-esta-afogado-em-um-mar-de-informacao\/\" aria-label=\"Leia mais sobre Voc\u00ea n\u00e3o est\u00e1 sem tempo. Est\u00e1 afogado em um mar de informa\u00e7\u00e3o.\" tabindex=\"-1\" >\n\t\t\tLeia mais \u00bb\t\t<\/a>\n\n\t\t\t\t<\/div>\n\t\t\t\t<div class=\"elementor-post__meta-data\">\n\t\t\t\t\t<span class=\"elementor-post-date\">\n\t\t\t7 de agosto de 2026\t\t<\/span>\n\t\t\t\t<\/div>\n\t\t\t\t\t<\/div>\n\t\t<\/article>\n\t\t\t\t<article class=\"elementor-post elementor-grid-item post-1032 post type-post status-publish format-standard has-post-thumbnail hentry category-blog\" role=\"listitem\">\n\t\t\t<div class=\"elementor-post__card\">\n\t\t\t\t<a class=\"elementor-post__thumbnail__link\" href=\"https:\/\/claudiostarec.com.br\/index.php\/2026\/08\/05\/pronto-o-problema-nao-e-fazer-e-terminar-da-forma-certa\/\" tabindex=\"-1\" ><div class=\"elementor-post__thumbnail\"><img loading=\"lazy\" decoding=\"async\" width=\"300\" height=\"200\" src=\"https:\/\/claudiostarec.com.br\/wp-content\/uploads\/2026\/08\/Fazejacao-ou-fazejamento-a-arte-de-fazer-sem-pensar-claudio-starec-300x200.webp\" class=\"attachment-medium size-medium wp-image-1034\" alt=\"\" srcset=\"https:\/\/claudiostarec.com.br\/wp-content\/uploads\/2026\/08\/Fazejacao-ou-fazejamento-a-arte-de-fazer-sem-pensar-claudio-starec-300x200.webp 300w, https:\/\/claudiostarec.com.br\/wp-content\/uploads\/2026\/08\/Fazejacao-ou-fazejamento-a-arte-de-fazer-sem-pensar-claudio-starec-1024x683.webp 1024w, https:\/\/claudiostarec.com.br\/wp-content\/uploads\/2026\/08\/Fazejacao-ou-fazejamento-a-arte-de-fazer-sem-pensar-claudio-starec-768x512.webp 768w, https:\/\/claudiostarec.com.br\/wp-content\/uploads\/2026\/08\/Fazejacao-ou-fazejamento-a-arte-de-fazer-sem-pensar-claudio-starec.webp 1488w\" sizes=\"(max-width: 300px) 100vw, 300px\" \/><\/div><\/a>\n\t\t\t\t<div class=\"elementor-post__text\">\n\t\t\t\t<h1 class=\"elementor-post__title\">\n\t\t\t<a href=\"https:\/\/claudiostarec.com.br\/index.php\/2026\/08\/05\/pronto-o-problema-nao-e-fazer-e-terminar-da-forma-certa\/\" >\n\t\t\t\tPronto! O problema n\u00e3o \u00e9 fazer. \u00c9 terminar da forma certa.\t\t\t<\/a>\n\t\t<\/h1>\n\t\t\t\t<div class=\"elementor-post__excerpt\">\n\t\t\t<p>&#8220;Pronto!&#8221; A arte do imperfeito. Na minha jornada como professor, dei aula para turmas de forma\u00e7\u00e3o de intendentes da Marinha,<\/p>\n\t\t<\/div>\n\t\t\n\t\t<a class=\"elementor-post__read-more\" href=\"https:\/\/claudiostarec.com.br\/index.php\/2026\/08\/05\/pronto-o-problema-nao-e-fazer-e-terminar-da-forma-certa\/\" aria-label=\"Leia mais sobre Pronto! O problema n\u00e3o \u00e9 fazer. \u00c9 terminar da forma certa.\" tabindex=\"-1\" >\n\t\t\tLeia mais \u00bb\t\t<\/a>\n\n\t\t\t\t<\/div>\n\t\t\t\t<div class=\"elementor-post__meta-data\">\n\t\t\t\t\t<span class=\"elementor-post-date\">\n\t\t\t5 de agosto de 2026\t\t<\/span>\n\t\t\t\t<\/div>\n\t\t\t\t\t<\/div>\n\t\t<\/article>\n\t\t\t\t<\/div>\n\t\t\n\t\t\t\t<div class=\"e-load-more-anchor\" data-page=\"1\" data-max-page=\"4\" data-next-page=\"https:\/\/claudiostarec.com.br\/index.php\/wp-json\/wp\/v2\/pages\/1091\/page\/2\/\"><\/div>\n\t\t\t\t<nav class=\"elementor-pagination\" aria-label=\"Pagina\u00e7\u00e3o\">\n\t\t\t<span class=\"page-numbers prev\">\u2190 Anteriores<\/span>\n<span aria-current=\"page\" class=\"page-numbers current\"><span class=\"elementor-screen-only\">P\u00e1gina<\/span>1<\/span>\n<a class=\"page-numbers\" href=\"https:\/\/claudiostarec.com.br\/index.php\/wp-json\/wp\/v2\/pages\/1091\/page\/2\/\"><span class=\"elementor-screen-only\">P\u00e1gina<\/span>2<\/a>\n<a class=\"page-numbers\" href=\"https:\/\/claudiostarec.com.br\/index.php\/wp-json\/wp\/v2\/pages\/1091\/page\/3\/\"><span class=\"elementor-screen-only\">P\u00e1gina<\/span>3<\/a>\n<a class=\"page-numbers\" href=\"https:\/\/claudiostarec.com.br\/index.php\/wp-json\/wp\/v2\/pages\/1091\/page\/4\/\"><span class=\"elementor-screen-only\">P\u00e1gina<\/span>4<\/a>\n<a class=\"page-numbers next\" href=\"https:\/\/claudiostarec.com.br\/index.php\/wp-json\/wp\/v2\/pages\/1091\/page\/2\/\">Pr\u00f3ximos \u2192<\/a>\t\t<\/nav>\n\t\t\t\t\t\t<\/div>\n\t\t\t\t<\/div>\n\t\t\t\t\t<\/div>\n\t\t\t\t<\/div>\n\t\t<div class=\"elementor-element elementor-element-59b3d036 e-flex e-con-boxed e-con e-parent\" data-id=\"59b3d036\" data-element_type=\"container\" data-e-type=\"container\" data-settings=\"{&quot;background_background&quot;:&quot;classic&quot;}\">\n\t\t\t\t\t<div class=\"e-con-inner\">\n\t\t<div class=\"elementor-element elementor-element-74847880 e-con-full e-flex e-con e-child\" data-id=\"74847880\" data-element_type=\"container\" data-e-type=\"container\">\n\t\t\t\t<div class=\"elementor-element elementor-element-3bb035dd elementor-widget elementor-widget-heading\" data-id=\"3bb035dd\" data-element_type=\"widget\" data-e-type=\"widget\" data-widget_type=\"heading.default\">\n\t\t\t\t\t<h2 class=\"elementor-heading-title elementor-size-default\">Sua lideran\u00e7a est\u00e1 pronta para o pr\u00f3ximo n\u00edvel?<\/h2>\t\t\t\t<\/div>\n\t\t\t\t<div class=\"elementor-element elementor-element-4371cfb2 elementor-widget elementor-widget-text-editor\" data-id=\"4371cfb2\" data-element_type=\"widget\" data-e-type=\"widget\" data-widget_type=\"text-editor.default\">\n\t\t\t\t\t\t\t\t\t<p>Agende uma conversa estrat\u00e9gica e descubra onde est\u00e3o os bloqueios que impedem sua equipe e sua empresa de evoluir.<\/p>\t\t\t\t\t\t\t\t<\/div>\n\t\t\t\t<\/div>\n\t\t\t\t<div class=\"elementor-element elementor-element-2a2d1d1d elementor-align-right elementor-mobile-align-left elementor-widget elementor-widget-button\" data-id=\"2a2d1d1d\" data-element_type=\"widget\" data-e-type=\"widget\" data-widget_type=\"button.default\">\n\t\t\t\t\t\t\t\t\t\t<a class=\"elementor-button elementor-button-link elementor-size-sm\" href=\"https:\/\/wa.me\/351939083665\" target=\"_blank\" rel=\"nofollow\">\n\t\t\t\t\t\t<span class=\"elementor-button-content-wrapper\">\n\t\t\t\t\t\t\t\t\t<span class=\"elementor-button-text\">AGENDAR CONVERSA<\/span>\n\t\t\t\t\t<\/span>\n\t\t\t\t\t<\/a>\n\t\t\t\t\t\t\t\t<\/div>\n\t\t\t\t\t<\/div>\n\t\t\t\t<\/div>\n\t\t\t\t<\/div>\n\t\t","protected":false},"excerpt":{"rendered":"<p>INTELIG\u00caNCIA PARA QUEM DECIDE STAREC 360\u00ba Ideias que provocam. Reflex\u00f5es que desafiam. Decis\u00f5es que transformam. \u00daltimos artigos LIDERAN\u00c7A \u00b7 ESTRAT\u00c9GIA \u00b7 CULTURA \u00b7 PERFORMANCE Sua lideran\u00e7a est\u00e1 pronta para o pr\u00f3ximo n\u00edvel? Agende uma conversa estrat\u00e9gica e descubra onde est\u00e3o os bloqueios que impedem sua equipe e sua empresa de evoluir. AGENDAR CONVERSA<\/p>\n","protected":false},"author":1,"featured_media":0,"parent":0,"menu_order":0,"comment_status":"closed","ping_status":"closed","template":"elementor_header_footer","meta":{"footnotes":""},"class_list":["post-1091","page","type-page","status-publish","hentry"],"_hostinger_reach_plugin_has_subscription_block":false,"_hostinger_reach_plugin_is_elementor":false,"_links":{"self":[{"href":"https:\/\/claudiostarec.com.br\/index.php\/wp-json\/wp\/v2\/pages\/1091","targetHints":{"allow":["GET"]}}],"collection":[{"href":"https:\/\/claudiostarec.com.br\/index.php\/wp-json\/wp\/v2\/pages"}],"about":[{"href":"https:\/\/claudiostarec.com.br\/index.php\/wp-json\/wp\/v2\/types\/page"}],"author":[{"embeddable":true,"href":"https:\/\/claudiostarec.com.br\/index.php\/wp-json\/wp\/v2\/users\/1"}],"replies":[{"embeddable":true,"href":"https:\/\/claudiostarec.com.br\/index.php\/wp-json\/wp\/v2\/comments?post=1091"}],"version-history":[{"count":37,"href":"https:\/\/claudiostarec.com.br\/index.php\/wp-json\/wp\/v2\/pages\/1091\/revisions"}],"predecessor-version":[{"id":1176,"href":"https:\/\/claudiostarec.com.br\/index.php\/wp-json\/wp\/v2\/pages\/1091\/revisions\/1176"}],"wp:attachment":[{"href":"https:\/\/claudiostarec.com.br\/index.php\/wp-json\/wp\/v2\/media?parent=1091"}],"curies":[{"name":"wp","href":"https:\/\/api.w.org\/{rel}","templated":true}]}}